{"id":26225,"date":"2021-03-16T11:19:50","date_gmt":"2021-03-16T11:19:50","guid":{"rendered":"https:\/\/westys.nl\/product\/oldtimer-westfalia-anhaengerdeckel-geschweisst-gebraucht\/"},"modified":"2021-03-16T11:19:50","modified_gmt":"2021-03-16T11:19:50","slug":"oldtimer-westfalen-anhanger-esche-deckel-geschweist-gebraucht","status":"publish","type":"product","link":"https:\/\/westys.nl\/de\/product\/oldtimer-westfalen-anhanger-esche-deckel-geschweist-gebraucht\/","title":{"rendered":"Oldtimer Westfalia Anh\u00e4ngerdeckel geschwei\u00dft (Gebraucht)"},"content":{"rendered":"<p>Gebrauchtes Westfalia Eschendeckel-geschwei\u00dftes Modell. Dieses Modell ist f\u00fcr \u00e4ltere Anh\u00e4nger gedacht, bei denen die Deckelecken geschwei\u00dft sind. Hier geht es nur um den Deckel und enth\u00e4lt daher keinen Deckel, keine St\u00fctze und kein Schloss.<\/p>\n<p>Dieses Produkt wurde verwendet. Das bedeutet, dass es eine leichte Form von Rost, Kratzern und anderen Gebrauchsspuren aufweisen kann. Dieses Produkt kann auch eingef\u00e4rbt sein oder Spuren von Farbe enthalten. Au\u00dferdem muss das Holz m\u00f6glicherweise ersetzt werden. Farbe und Gebrauchsspuren k\u00f6nnen vom Foto abweichen.<\/p>\n<p>Wenn Sie nicht mit \u00dcberraschungen konfrontiert werden m\u00f6chten, fragen Sie nach Fotos des verf\u00fcgbaren Deckels. Hier ist es sinnvoll, ein Foto des Anh\u00e4ngers mitzuschicken, damit wir sehen k\u00f6nnen, was am besten zu Ihrem Anh\u00e4nger passt.<\/p>\n<p>Dieses Produkt muss nach Absprache abgeholt oder verschickt werden. Dies kann mit zus\u00e4tzlichen Versandkosten verbunden sein.<\/p>\n","protected":false},"excerpt":{"rendered":"<p>Gebrauchtes Westfalia Eschendeckel-geschwei\u00dftes Modell. Dieses Modell ist f\u00fcr \u00e4ltere Anh\u00e4nger gedacht, bei denen die Deckelecken geschwei\u00dft sind. Hier geht es nur um den Deckel und enth\u00e4lt daher keinen Deckel, keine St\u00fctze und kein Schloss. Dieses Produkt wurde verwendet. Das bedeutet, dass es eine leichte Form von Rost, Kratzern und anderen Gebrauchsspuren aufweisen kann. Dieses Produkt [&hellip;]<\/p>\n","protected":false},"featured_media":22674,"template":"","meta":[],"product_cat":[943,884,793,758,778],"product_tag":[],"_links":{"self":[{"href":"https:\/\/westys.nl\/de\/wp-json\/wp\/v2\/product\/26225"}],"collection":[{"href":"https:\/\/westys.nl\/de\/wp-json\/wp\/v2\/product"}],"about":[{"href":"https:\/\/westys.nl\/de\/wp-json\/wp\/v2\/types\/product"}],"version-history":[{"count":0,"href":"https:\/\/westys.nl\/de\/wp-json\/wp\/v2\/product\/26225\/revisions"}],"wp:featuredmedia":[{"embeddable":true,"href":"https:\/\/westys.nl\/de\/wp-json\/wp\/v2\/media\/22674"}],"wp:attachment":[{"href":"https:\/\/westys.nl\/de\/wp-json\/wp\/v2\/media?parent=26225"}],"wp:term":[{"taxonomy":"product_cat","embeddable":true,"href":"https:\/\/westys.nl\/de\/wp-json\/wp\/v2\/product_cat?post=26225"},{"taxonomy":"product_tag","embeddable":true,"href":"https:\/\/westys.nl\/de\/wp-json\/wp\/v2\/product_tag?post=26225"}],"curies":[{"name":"wp","href":"https:\/\/api.w.org\/{rel}","templated":true}]}}